{"id":90,"date":"2023-11-17T10:30:38","date_gmt":"2023-11-17T10:30:38","guid":{"rendered":"https:\/\/ejs-translations.com\/?page_id=90"},"modified":"2024-04-24T11:29:06","modified_gmt":"2024-04-24T11:29:06","slug":"datenschutzerklaerung","status":"publish","type":"page","link":"https:\/\/ejs-translations.com\/en\/datenschutzerklaerung\/","title":{"rendered":"Datenschutzerkl\u00e4rung"},"content":{"rendered":"<div class=\"wp-block-uagb-container priv-policy uagb-block-f8e843b7 alignfull uagb-is-root-container\"><div class=\"uagb-container-inner-blocks-wrap\">\n<h2 class=\"dark\">Datenschutzerkl\u00e4rung<\/h2>\n\n<p class=\"dark\">\n    Die Betreiber dieser Seiten nehmen den Schutz Ihrer pers\u00f6nlichen Daten sehr ernst. Wir behandeln Ihre personenbezogenen Daten vertraulich und entsprechend den gesetzlichen Datenschutzvorschriften sowie dieser Datenschutzerkl\u00e4rung.\n<\/p>\n\n<p class=\"dark\">\n    Wenn Sie diese Website benutzen, werden verschiedene personenbezogene Daten erhoben.\n<\/p>\n<p class=\"dark\">\n    Personenbezogene Daten sind Daten, mit denen Sie pers\u00f6nlich identifiziert werden k\u00f6nnen. Die vorliegende Datenschutzerkl\u00e4rung erl\u00e4utert, welche Daten wir erheben und wof\u00fcr wir sie nutzen. Sie erl\u00e4utert auch, wie und zu welchem Zweck das geschieht.\n<\/p>\n<p class=\"dark\">\n    Wir weisen darauf hin, dass die Daten\u00fcbertragung im Internet (z. B. bei der Kommunikation per E-Mail) Sicherheitsl\u00fccken aufweisen kann. Ein l\u00fcckenloser Schutz der Daten vor dem Zugriff durch Dritte ist nicht m\u00f6glich.\n<\/p>\n\n<h4 class=\"dark\">1. Hinweis zur verantwortlichen Stelle<\/h4>\n<p class=\"dark\">Die verantwortliche Stelle f\u00fcr die Datenverarbeitung auf dieser Website ist:<br>\n  <strong>E. J. Stone Translations<\/strong> <br \/>\n  <strong>Emma Jane Stone<\/strong> <br \/>\n  Sch\u00fcrenerStr. 5 <br \/>\n  44805 Bochum <br>\n  info@ejs-translations.com<br>\n  +49 151 28831774\n<\/p>\n<p class=\"dark\">Verantwortliche Stelle ist die nat\u00fcrliche oder juristische Person, die allein oder gemeinsam mit anderen \u00fcber die Zwecke und Mittel der Verarbeitung von personenbezogenen Daten (z. B. Namen, E-Mail-Adressen o. \u00c4.) entscheidet.<\/p>\n\n<h4 class=\"dark\">2. Welche Datenschutzrechte haben Sie?<\/h4>\n<ol>\n    <li><strong>Widerruf Ihrer Einwilligung zur Datenverarbeitung<\/strong>\n        <p class=\"dark\">Viele Datenverarbeitungsvorg\u00e4nge sind nur mit Ihrer ausdr\u00fccklichen Einwilligung m\u00f6glich. Sie k\u00f6nnen eine bereits erteilte Einwilligung jederzeit widerrufen. Dazu reicht eine formlose Mitteilung per E-Mail an uns.<\/p>\n        <p class=\"dark\">Die Rechtm\u00e4\u00dfigkeit der bis zum Widerruf erfolgten Datenverarbeitung bleibt vom Widerruf unber\u00fchrt.<\/p>\n    <\/li>\n    <li><strong>Widerspruchsrecht gegen die Datenerhebung in besonderen F\u00e4llen sowie gegen Direktwerbung (Art. 21 DSGVO)<\/strong>\n    <p class=\"dark\">Wenn die Datenverarbeitung auf Grundlage von Art. 6 Abs. 1 lit. e oder f DSGVO erfolgt, haben Sie jederzeit das Recht, aus Gr\u00fcnden, die sich aus Ihrer besonderen Situation ergeben, gegen die Verarbeitung Ihrer personenbezogenen Daten Widerspruch einzulegen; dies gilt auch f\u00fcr ein auf diese Bestimmungen gest\u00fctztes Profiling. Die jeweilige Rechtsgrundlage, auf denen eine Verarbeitung beruht, entnehmen Sie dieser Datenschutzerkl\u00e4rung. Wenn Sie Widerspruch einlegen, werden wir Ihre betroffenen personenbezogenen Daten nicht mehr verarbeiten, es sei denn, wir k\u00f6nnen zwingende schutzw\u00fcrdige Gr\u00fcnde f\u00fcr die Verarbeitung nachweisen, die Ihre Interessen, Rechte und Freiheiten \u00fcberwiegen oder die Verarbeitung dient der Geltendmachung, Aus\u00fcbung oder Verteidigung von Rechtsanspr\u00fcchen. (Widerspruch nach Art. 21 Abs. 1 DSGVO).<\/p>\n    <p class=\"dark\">Werden Ihre personenbezogenen Daten verarbeitet, um Direktwerbung zu betreiben, so haben Sie das Recht, jederzeit Widerspruch gegen die Verarbeitung Sie betreffender personenbezogener Daten zum Zwecke derartiger Werbung einzulegen; dies gilt auch f\u00fcr das Profiling, soweit es mit solcher Direktwerbung in Verbindung steht. Wenn Sie widersprechen, werden Ihre personenbezogenen Daten anschlie\u00dfend nicht mehr zum Zwecke der Direktwerbung verwendet (Widerspruch nach Art. 21 Abs. 2 DSGVO).<\/p>\n    <\/li>\n    <li><strong>Beschwerderecht bei der zust\u00e4ndigen Aufsichtsbeh\u00f6rde<\/strong>\n    <p class=\"dark\">Im Falle von Verst\u00f6\u00dfen gegen die DSGVO steht den Betroffenen ein Beschwerderecht bei einer Aufsichtsbeh\u00f6rde, insbesondere in dem Mitgliedstaat ihres gew\u00f6hnlichen Aufenthalts, ihres Arbeitsplatzes oder des Orts des mutma\u00dflichen Versto\u00dfes zu. Das Beschwerderecht besteht unbeschadet anderweitiger verwaltungsrechtlicher oder gerichtlicher Rechtsbehelfe. Eine Liste der Aufsichtsbeh\u00f6rden sowie deren Kontaktdaten k\u00f6nnen folgendem Link entnommen werden: <a href=\"https:\/\/www.bfdi.bund.de\/DE\/Infothek\/Anschriften_Links\/anschriften_links-node.html\" class=\"dark\">https:\/\/www.bfdi.bund.de\/DE\/Infothek\/Anschriften_Links\/anschriften_links-node.html<\/a>\n    <\/p><\/li>\n    <li><strong>Recht auf Daten\u00fcbertragbarkeit<\/strong>\n    <p class=\"dark\">Sie haben das Recht, Daten, die wir auf Grundlage Ihrer Einwilligung oder in Erf\u00fcllung eines Vertrags automatisiert verarbeiten, an sich oder an einen Dritten in einem g\u00e4ngigen, maschinenlesbaren Format aush\u00e4ndigen zu lassen. Sofern Sie die direkte \u00dcbertragung der Daten an einen anderen Verantwortlichen verlangen, erfolgt dies nur, soweit es technisch machbar ist.<\/p><\/li>\n    <li><strong>Auskunft, Sperrung, L\u00f6schung und Berichtigung<\/strong>\n    <p class=\"dark\">Sie haben im Rahmen der geltenden gesetzlichen Bestimmungen jederzeit das Recht auf unentgeltliche Auskunft \u00fcber Ihre gespeicherten personenbezogenen Daten, deren Herkunft und Empf\u00e4nger und den Zweck der Datenverarbeitung und ggf. ein Recht auf Berichtigung, Sperrung oder L\u00f6schung dieser Daten.<\/p> <p class=\"dark\">Hierzu sowie zu weiteren Fragen zum Thema personenbezogene Daten k\u00f6nnen Sie sich jederzeit unter der im Impressum angegebenen Adresse an uns wenden.<\/p><\/li>\n    <li><strong>Recht auf Einschr\u00e4nkung der Verarbeitung<\/strong> \n        <p class=\"dark\">Sie haben das Recht, die Einschr\u00e4nkung der Verarbeitung Ihrer personenbezogenen Daten zu verlangen.<\/p>\n        <p class=\"dark\">Hierzu k\u00f6nnen Sie sich jederzeit unter der im Impressum angegebenen Adresse an uns wenden. Das Recht auf Einschr\u00e4nkung der Verarbeitung besteht in folgenden F\u00e4llen:<\/p>\n        <ul class=\"dark\">\n            <li>Wenn Sie die Richtigkeit Ihrer bei uns gespeicherten personenbezogenen Daten bestreiten, ben\u00f6tigen wir in der Regel Zeit, um dies zu \u00fcberpr\u00fcfen. F\u00fcr die Dauer der Pr\u00fcfung haben Sie das Recht, die Einschr\u00e4nkung der Verarbeitung Ihrer personenbezogenen Daten zu verlangen.<\/li>\n            <li>Wenn die Verarbeitung Ihrer personenbezogenen Daten unrechtm\u00e4\u00dfig geschah\/geschieht, k\u00f6nnen Sie statt der L\u00f6schung die Einschr\u00e4nkung der Datenverarbeitung verlangen.<\/li>\n            <li>Wenn wir Ihre personenbezogenen Daten nicht mehr ben\u00f6tigen, Sie sie jedoch zur Aus\u00fcbung, Verteidigung oder Geltendmachung von Rechtsanspr\u00fcchen ben\u00f6tigen, haben Sie das Recht, statt der L\u00f6schung die Einschr\u00e4nkung der Verarbeitung Ihrer personenbezogenen Daten zu verlangen.<\/li>\n            <li>Wenn Sie einen Widerspruch nach Art. 21 Abs. 1 DSGVO eingelegt haben, muss eine Abw\u00e4gung zwischen Ihren und unseren Interessen vorgenommen werden. Solange noch nicht feststeht, wessen Interessen \u00fcberwiegen, haben Sie das Recht, die Einschr\u00e4nkung der Verarbeitung Ihrer personenbezogenen Daten zu verlangen.<\/li>\n            <li>Wenn Sie die Verarbeitung Ihrer personenbezogenen Daten eingeschr\u00e4nkt haben, d\u00fcrfen diese Daten \u2013 von ihrer Speicherung abgesehen \u2013 nur mit Ihrer Einwilligung oder zur Geltendmachung, Aus\u00fcbung oder Verteidigung von Rechtsanspr\u00fcchen oder zum Schutz der Rechte einer anderen nat\u00fcrlichen oder juristischen Person oder aus Gr\u00fcnden eines wichtigen \u00f6ffentlichen Interesses der Europ\u00e4ischen Union oder eines Mitgliedstaats verarbeitet werden.<\/li>\n        <\/ul>\n    <\/li>\n<\/ol>\n\n<h4 class=\"dark\">3. Gibt es eine Pflicht zur Bereitstellung von Daten?<\/h4>\n<p class=\"dark\">Im Rahmen unserer Gesch\u00e4ftsbeziehung oder der Bestellung von Dienstleistungen m\u00fcssen Sie diejenigen personenbezogenen Daten bereitstellen, die f\u00fcr die Durchf\u00fchrung der Gesch\u00e4ftsbeziehung oder der Bereitstellung einer Dienstleistung und der Erf\u00fcllung der damit verbundenen vertraglichen Pflichten erforderlich sind oder zu deren Erhebung wir gesetzlich verpflichtet sind. Ohne diese Daten m\u00fcssen wir in der Regel den Abschluss des Vertrages oder die Ausf\u00fchrung des Auftrages ablehnen oder k\u00f6nnen einen bestehenden Vertrag nicht mehr durchf\u00fchren und m\u00fcssen ihn daher ggf. beenden.<\/p>\n\n<h4 class=\"dark\">4. Gibt es eine automatisierte Entscheidungsfindung einschlie\u00dflich Profiling?<\/h4>\n<p class=\"dark\">Wir nutzen grunds\u00e4tzlich keine vollautomatisierte Entscheidungsfindung einschlie\u00dflich Profiling gem\u00e4\u00df Artikel 22 DSGVO.<\/p>\n\n<h4 class=\"dark\">5. Wie sicher sind meine Daten?<\/h4>\n<p class=\"dark\">Diese Seite nutzt aus Sicherheitsgr\u00fcnden und zum Schutz der \u00dcbertragung vertraulicher Inhalte, wie zum Beispiel Bestellungen oder Anfragen, die Sie an uns als Seitenbetreiber senden, eine SSL- bzw. TLS-Verschl\u00fcsselung. Eine verschl\u00fcsselte Verbindung erkennen Sie daran, dass die Adresszeile des Browsers von \u201ehttp:\/\/\u201c auf \u201ehttps:\/\/\u201c wechselt und an dem Schloss-Symbol in Ihrer Browserzeile.<\/p>\n<p class=\"dark\">Wenn die SSL- bzw. TLS-Verschl\u00fcsselung aktiviert ist, k\u00f6nnen die Daten, die Sie an uns \u00fcbermitteln, nicht von Dritten mitgelesen werden.<\/p>\n\n<h4 class=\"dark\">6. Datenerfassung auf unserer Website<\/h4>\n<ol>\n    <li><strong>Nutzungsbezogene Angaben<\/strong><br> Durch den Aufruf unserer Webseiten erhalten wir Nutzungsdaten. Dazu geh\u00f6ren Angaben wie z. B. zur Bildschirmaufl\u00f6sung, zur Browserversion, zum Internetzugang, zum Betriebssystem, zur Sprache, zu den eingesetzten Plug-ins, zur Herkunft nach Land\/Region und zu Suchmaschinen. Die gespeicherten Daten werden nur zu statistischen Zwecken und zur Optimierung unserer Webseiten ausgewertet. Eine Weitergabe an Dritte und eine nutzerbezogene Auswertung findet nicht statt, da uns der Hoster unserer Webseite (strato.de) diese Daten nur in anonymisierter Form zur Verf\u00fcgung stellt. Des Weiteren speichert unser Hoster f\u00fcr einen kurzen Zeitraum von wenigen Tagen die Verbindungsdaten zu unseren Webseiten (IP-Adressen) f\u00fcr die Gew\u00e4hrleistung der IT-Sicherheit. <\/li>\n    <li><strong>Einsatz von Cookies<\/strong><br> Beim Aufruf einzelner Seiten werden sogenannte Session Cookies verwendet, um die Navigation zu erleichtern. Diese Cookies verfallen nach Ablauf der Sitzung und beinhalten keine personenbezogenen Daten, d. h. die Inhalte der Cookies werden nicht nutzerbezogen ausgewertet. Sie k\u00f6nnen Ihren Browser so einstellen, dass Sie Cookies nur im Einzelfall oder gar nicht erlauben.<br> Cookies, die zur Durchf\u00fchrung des elektronischen Kommunikationsvorgangs oder zur Bereitstellung bestimmter Funktionen erforderlich sind, werden auf Grundlage von Art. 6 Abs. 1f DSGVO gespeichert. Die Speicherung von Cookies erfolgt in diesem Fall f\u00fcr den Zweck der technisch fehlerfreien und optimierten Bereitstellung unserer Dienste. Bei der Deaktivierung von Cookies kann die Funktionalit\u00e4t dieser Webseite eingeschr\u00e4nkt sein.<\/li>\n    <li><strong>Kontaktformular<\/strong><br> Wenn Sie uns per Kontaktformular Anfragen zukommen lassen, werden Ihre Angaben aus dem Anfrageformular inklusive der von Ihnen dort angegebenen Kontaktdaten zwecks Bearbeitung der Anfrage und f\u00fcr den Fall von Anschlussfragen bei uns gespeichert. Diese Daten geben wir nicht ohne Ihre Einwilligung weiter.<br> Die Verarbeitung der in das Kontaktformular eingegebenen Daten erfolgt somit ausschlie\u00dflich auf Grundlage Ihrer Einwilligung (Art. 6 Abs. 1 lit. a DSGVO). Sie k\u00f6nnen diese Einwilligung jederzeit widerrufen.<br> Dazu reicht eine formlose Mitteilung per E-Mail an uns. Die Rechtm\u00e4\u00dfigkeit der bis zum Widerruf erfolgten Datenverarbeitungsvorg\u00e4nge bleibt vom Widerruf unber\u00fchrt. <br> Die von Ihnen im Kontaktformular eingegebenen Daten verbleiben bei uns, bis Sie uns zur L\u00f6schung auffordern, Ihre Einwilligung zur Speicherung widerrufen oder der Zweck f\u00fcr die Datenspeicherung entf\u00e4llt (z. B. nach abgeschlossener Bearbeitung Ihrer Anfrage). Zwingende gesetzliche Bestimmungen \u2013 insbesondere Aufbewahrungsfristen \u2013 bleiben unber\u00fchrt.<\/li>\n    <li><strong>Anfrage per E-Mail, Telefon oder Telefax<\/strong><br> Wenn Sie uns per E-Mail, Telefon oder Telefax kontaktieren, wird Ihre Anfrage inklusive aller daraus hervorgehenden personenbezogenen Daten (Name, Anfrage) zum Zwecke der Bearbeitung Ihres Anliegens bei uns gespeichert und verarbeitet. Diese Daten geben wir nicht ohne Ihre Einwilligung weiter. <br> Die Verarbeitung dieser Daten erfolgt auf Grundlage von Art. 6 Abs. 1 lit. b DSGVO, sofern Ihre Anfrage mit der Erf\u00fcllung eines Vertrags zusammenh\u00e4ngt oder zur Durchf\u00fchrung vorvertraglicher Ma\u00dfnahmen erforderlich ist. In allen \u00fcbrigen F\u00e4llen beruht die Verarbeitung auf Ihrer Einwilligung (Art. 6 Abs. 1 lit. A DSGVO) und\/oder auf unseren berechtigten Interessen (Art. 6 Abs. 1 lit. f DSGVO), da wir ein berechtigtes Interesse an der effektiven Bearbeitung der an uns gerichteten Anfragen haben.<br> Die von Ihnen an uns per Kontaktanfragen \u00fcbersandten Daten verbleiben bei uns, bis Sie uns zur L\u00f6schung auffordern, Ihre Einwilligung zur Speicherung widerrufen oder der Zweck f\u00fcr die Datenspeicherung entf\u00e4llt (z. B. nach abgeschlossener Bearbeitung Ihres Anliegens). Zwingende gesetzliche Bestimmungen \u2013 insbesondere gesetzliche Aufbewahrungsfristen \u2013 bleiben unber\u00fchrt.<\/li>\n<\/ol>\n\n\n<h4 class=\"dark\">7. Wer bekommt meine Daten?<\/h4>\n<p class=\"dark\">\n    Es erhalten nur diejenigen Stellen Zugriff auf Ihre Daten, die diese zur Erf\u00fcllung unserer vertraglichen und gesetzlichen Pflichten oder im Rahmen der Interessenabw\u00e4gung ben\u00f6tigen. Auch von uns eingesetzte Dienstleister und Erf\u00fcllungsgehilfen k\u00f6nnen zu diesen Zwecken Daten erhalten, wenn diese die Vertraulichkeit und unsere datenschutzrechtlichen Weisungen wahren. Eine Weitergabe an Dritte erfolgt ausschlie\u00dflich im Rahmen der Regelungen der DSGVO und des BDSG.\n<\/p>\n\n\n<h4 class=\"dark\">8. Werden Daten in ein Drittland \u00fcbermittelt?<\/h4>\n<p class=\"dark\">\n    Eine Daten\u00fcbermittlung in L\u00e4nder au\u00dferhalb der EU bzw. des EWR (sogenannte Drittstaaten) au\u00dfer den in dieser Datenschutzerkl\u00e4rung genannten Ausnahmen findet nicht statt.\n<\/p>\n\n\n<h4 class=\"dark\">9. Wie lange werden meine Daten gespeichert? <\/h4>\n<p class=\"dark\">\n    Soweit in dieser Datenschutzerkl\u00e4rung nicht schon ausdr\u00fccklich benannt, verarbeiten und speichern wir Ihre personenbezogenen Daten, solange es f\u00fcr die Erf\u00fcllung unserer vertraglichen und gesetzlichen Pflichten oder im Rahmen der Interessenabw\u00e4gung erforderlich ist. Sind die Daten f\u00fcr die Erf\u00fcllung dieser Zwecke nicht mehr erforderlich, werden diese regelm\u00e4\u00dfig gel\u00f6scht, es sei denn, deren \u2013 befristete \u2013 Weiterverarbeitung ist zur Erf\u00fcllung handels- und steuerrechtlicher Aufbewahrungsfristen erforderlich, wie beispielsweise das Handelsgesetzbuch und die Abgabenordnung. Die dort vorgegebenen Fristen zur Aufbewahrung bzw. Dokumentation betragen sechs bis zehn Jahre.\n<\/p>\n\n<p class=\"dark\">Stand: Dezember 2019<\/p>\n<\/div><\/div>","protected":false},"excerpt":{"rendered":"<p>Datenschutzerkl\u00e4rung Die Betreiber dieser Seiten nehmen den Schutz Ihrer pers\u00f6nlichen Daten sehr ernst. Wir behandeln Ihre personenbezogenen Daten vertraulich und entsprechend den gesetzlichen Datenschutzvorschriften sowie dieser Datenschutzerkl\u00e4rung. Wenn Sie diese Website benutzen, werden verschiedene personenbezogene Daten erhoben. Personenbezogene Daten sind Daten, mit denen Sie pers\u00f6nlich identifiziert werden k\u00f6nnen. Die vorliegende Datenschutzerkl\u00e4rung erl\u00e4utert, welche Daten wir &hellip;<\/p>\n<p class=\"read-more\"> <a class=\"\" href=\"https:\/\/ejs-translations.com\/en\/datenschutzerklaerung\/\"> <span class=\"screen-reader-text\">Datenschutzerkl\u00e4rung<\/span> Read More &raquo;<\/a><\/p>","protected":false},"author":1,"featured_media":0,"parent":0,"menu_order":0,"comment_status":"closed","ping_status":"closed","template":"","meta":{"inline_featured_image":false,"_uag_custom_page_level_css":"","site-sidebar-layout":"default","site-content-layout":"","ast-site-content-layout":"default","site-content-style":"default","site-sidebar-style":"default","ast-global-header-display":"","ast-banner-title-visibility":"","ast-main-header-display":"","ast-hfb-above-header-display":"","ast-hfb-below-header-display":"","ast-hfb-mobile-header-display":"","site-post-title":"","ast-breadcrumbs-content":"","ast-featured-img":"","footer-sml-layout":"","theme-transparent-header-meta":"default","adv-header-id-meta":"","stick-header-meta":"","header-above-stick-meta":"","header-main-stick-meta":"","header-below-stick-meta":"","astra-migrate-meta-layouts":"set","ast-page-background-enabled":"default","ast-page-background-meta":{"desktop":{"background-color":"var(--ast-global-color-4)","background-image":"","background-repeat":"repeat","background-position":"center center","background-size":"auto","background-attachment":"scroll","background-type":"","background-media":"","overlay-type":"","overlay-color":"","overlay-gradient":""},"tablet":{"background-color":"","background-image":"","background-repeat":"repeat","background-position":"center center","background-size":"auto","background-attachment":"scroll","background-type":"","background-media":"","overlay-type":"","overlay-color":"","overlay-gradient":""},"mobile":{"background-color":"","background-image":"","background-repeat":"repeat","background-position":"center center","background-size":"auto","background-attachment":"scroll","background-type":"","background-media":"","overlay-type":"","overlay-color":"","overlay-gradient":""}},"ast-content-background-meta":{"desktop":{"background-color":"var(--ast-global-color-5)","background-image":"","background-repeat":"repeat","background-position":"center center","background-size":"auto","background-attachment":"scroll","background-type":"","background-media":"","overlay-type":"","overlay-color":"","overlay-gradient":""},"tablet":{"background-color":"var(--ast-global-color-5)","background-image":"","background-repeat":"repeat","background-position":"center center","background-size":"auto","background-attachment":"scroll","background-type":"","background-media":"","overlay-type":"","overlay-color":"","overlay-gradient":""},"mobile":{"background-color":"var(--ast-global-color-5)","background-image":"","background-repeat":"repeat","background-position":"center center","background-size":"auto","background-attachment":"scroll","background-type":"","background-media":"","overlay-type":"","overlay-color":"","overlay-gradient":""}}},"uagb_featured_image_src":{"full":false,"thumbnail":false,"medium":false,"medium_large":false,"large":false,"1536x1536":false,"2048x2048":false,"trp-custom-language-flag":false},"uagb_author_info":{"display_name":"EmmaJane","author_link":"https:\/\/ejs-translations.com\/en\/author\/emmajane\/"},"uagb_comment_info":0,"uagb_excerpt":"Datenschutzerkl\u00e4rung Die Betreiber dieser Seiten nehmen den Schutz Ihrer pers\u00f6nlichen Daten sehr ernst. Wir behandeln Ihre personenbezogenen Daten vertraulich und entsprechend den gesetzlichen Datenschutzvorschriften sowie dieser Datenschutzerkl\u00e4rung. Wenn Sie diese Website benutzen, werden verschiedene personenbezogene Daten erhoben. Personenbezogene Daten sind Daten, mit denen Sie pers\u00f6nlich identifiziert werden k\u00f6nnen. Die vorliegende Datenschutzerkl\u00e4rung erl\u00e4utert, welche Daten wir&hellip;","_links":{"self":[{"href":"https:\/\/ejs-translations.com\/en\/wp-json\/wp\/v2\/pages\/90"}],"collection":[{"href":"https:\/\/ejs-translations.com\/en\/wp-json\/wp\/v2\/pages"}],"about":[{"href":"https:\/\/ejs-translations.com\/en\/wp-json\/wp\/v2\/types\/page"}],"author":[{"embeddable":true,"href":"https:\/\/ejs-translations.com\/en\/wp-json\/wp\/v2\/users\/1"}],"replies":[{"embeddable":true,"href":"https:\/\/ejs-translations.com\/en\/wp-json\/wp\/v2\/comments?post=90"}],"version-history":[{"count":6,"href":"https:\/\/ejs-translations.com\/en\/wp-json\/wp\/v2\/pages\/90\/revisions"}],"predecessor-version":[{"id":346,"href":"https:\/\/ejs-translations.com\/en\/wp-json\/wp\/v2\/pages\/90\/revisions\/346"}],"wp:attachment":[{"href":"https:\/\/ejs-translations.com\/en\/wp-json\/wp\/v2\/media?parent=90"}],"curies":[{"name":"wp","href":"https:\/\/api.w.org\/{rel}","templated":true}]}}